{"id":211,"date":"2020-08-31T15:46:11","date_gmt":"2020-08-31T14:46:11","guid":{"rendered":"http:\/\/poganyi.hu\/?page_id=211"},"modified":"2022-07-26T16:36:27","modified_gmt":"2022-07-26T15:36:27","slug":"okos-otthon","status":"publish","type":"page","link":"https:\/\/poganyi.hu\/?page_id=211","title":{"rendered":"Okos Otthon"},"content":{"rendered":"\n<p class=\"has-text-align-center\"><strong>Saj\u00e1t fejleszt\u00e9s\u0171 okos otthon rendszereink, az \u00d6n ig\u00e9nyeire szabva!<\/strong><br><\/p>\n\n\n\n<p class=\"has-text-align-center\">C\u00e9g\u00fcnk saj\u00e1t fejleszt\u00e9s\u0171 Okosotthon rendszere k\u00e9pes az \u00d6n k\u00f6r\u00fcl m\u0171k\u00f6d\u0151 elektromos berendez\u00e9sek vez\u00e9rl\u00e9s\u00e9re, valamint a rendszerbe integr\u00e1lt berendez\u00e9seket \u00d6n is t\u00e1volr\u00f3l vez\u00e9relheti. &nbsp;<\/p>\n\n\n\n<figure class=\"wp-block-table is-style-regular\"><table><tbody><tr><td class=\"has-text-align-center\" data-align=\"center\"><img loading=\"lazy\" decoding=\"async\" src=\"https:\/\/haricomp.hu\/templates\/images\/smartlogo1.png\" width=\"350\" height=\"350\"> &nbsp; &nbsp;<\/td><td>Az \u00e1ltalunk egyedileg programozott berendez\u00e9sek egyik f\u0151 el\u0151nye, hogy a vez\u00e9rl\u0151 panelek \u00f6n\u00e1ll\u00f3an okostelefonr\u00f3l is m\u0171k\u00f6dtethet\u0151ek. Teh\u00e1t ha valakinek csak kapunyit\u00e1sra, vagy f\u0171t\u00e9s vez\u00e9rl\u00e9sre van sz\u00fcks\u00e9ge, de nem szeretne komplett rendszert v\u00e1s\u00e1rolni arra is van megold\u00e1sunk. S\u0151t, ha k\u00e9s\u0151bb m\u00e9gis egy korszer\u0171bb, komplett rendszer be\u00fczemel\u00e9se mellett d\u00f6nt, a m\u00e1r megl\u00e9v\u0151 egys\u00e9geket \u00faj szoftver felt\u00f6lt\u00e9s\u00e9vel illeszteni tudjuk.<br><br>A rendszer\u00fcnk m\u00e1sik nagy el\u0151nye, hogy beszerel\u00e9se nem ig\u00e9nyel k\u00e1belez\u00e9st ez\u00e9rt egyszer\u0171en, falbont\u00e1s n\u00e9lk\u00fcl telep\u00edthet\u0151ek az elemek. Ide\u00e1lis megold\u00e1s megl\u00e9v\u0151 \u00e9p\u00fcletek fel\u00faj\u00edt\u00e1sakor, de alkalmazhat\u00f3 \u00faj, \u00e9p\u00fcl\u0151 ingatlanok eset\u00e9ben is.<br><br>A berendez\u00e9sek r\u00e1di\u00f3s egys\u00e9gekb\u0151l \u00e1llnak, amelyek vezet\u00e9k n\u00e9lk\u00fcl kommunik\u00e1lnak egym\u00e1ssal \u00e9s a k\u00f6zponttal. A rendszer egyes funkci\u00f3i \u00f6n\u00e1ll\u00f3an, de ak\u00e1r csoportosan is vez\u00e9relhet\u0151k \u2013 egy gombnyom\u00e1ssal vagy hangutas\u00edt\u00e1ssal kapcsolhatjuk be\/ki k\u00e9sz\u00fcl\u00e9keinket, mozgathatjuk a red\u0151ny\u00f6ket, szab\u00e1lyozhatjuk a vil\u00e1g\u00edt\u00e1st vagy f\u0171t\u00e9st, illetve ind\u00edthatjuk a kl\u00edma berendez\u00e9st. Felmer\u00fclhet a k\u00e9rd\u00e9s, hogy sok ma kaphat\u00f3 berendez\u00e9snek van saj\u00e1t applik\u00e1ci\u00f3ja \u00edgy, ha sz\u00fcks\u00e9ges onnan is vez\u00e9relni lehet. Ez igaz, viszont a mi rendszer\u00fcnk eset\u00e9ben az \u00f6sszes vez\u00e9relni k\u00edv\u00e1nt berendez\u00e9s egyetlen applik\u00e1ci\u00f3n bel\u00fcl el\u00e9rhet\u0151 \u00e9s vez\u00e9relhet\u0151. Tov\u00e1bbi fontos el\u0151ny, hogy ezek a rendszerbe integr\u00e1lt berendez\u00e9sek automatiz\u00e1lhat\u00f3k is, \u00edgy a pl. a f\u0171t\u00e9s vagy a h\u0171t\u00e9s a be\u00e1ll\u00edtott \u00e9rt\u00e9kek el\u00e9r\u00e9se eset\u00e9n automatikusan be \u00e9s kikapcsol. &nbsp;<\/td><\/tr><\/tbody><\/table><\/figure>\n\n\n\n<figure class=\"wp-block-table\"><table><tbody><tr><td><strong>Milyen berendez\u00e9seket tudunk vez\u00e9relni:<\/strong> k\u00fcls\u0151, bels\u0151 vil\u00e1g\u00edt\u00e1s \u00e9jszakai f\u00e9nyek f\u0171t\u00e9s vez\u00e9rl\u00e9s g\u00e1zkaz\u00e1n vez\u00e9rl\u00e9se radi\u00e1torok egyedi szab\u00e1lyoz\u00e1sa puffertart\u00e1ly h\u0151m\u00e9rs\u00e9klet figyel\u00e9se, vez\u00e9rl\u00e9se elektromos kapu elektromos gar\u00e1zsajt\u00f3 kl\u00edma rendszer riaszt\u00f3 rendszer medence v\u00edzsz\u0171r\u0151 \u00f6nt\u00f6z\u00e9s vez\u00e9rl\u00e9s elektromos red\u0151ny\u00f6k elektromos \u00e1rny\u00e9kol\u00f3k elektromos z\u00e1r tv-k , j\u00e1t\u00e9k konzolok zenelej\u00e1tsz\u00f3k szinte b\u00e1rmilyen megl\u00e9v\u0151 elektromos berendez\u00e9s<\/td><td><strong>Nem csak vez\u00e9relni tudunk, hanem \u00e1llapotokat is figyelni:<\/strong> bej\u00e1rati ajt\u00f3 nyitva vagy z\u00e1rva van e mely ablakok vannak nyitva hol milyen h\u0151m\u00e9rs\u00e9klet van a lak\u00e1sban mekkora a p\u00e1ratartalom a f\u00fcrd\u0151ben kapu z\u00e1rva van e gar\u00e1zs be van e csukva milyen fogyaszt\u00f3k m\u0171k\u00f6dnek mennyi \u00e1ramot fogyaszt pl. a mos\u00f3g\u00e9p hogy \u00e1ll a v\u00edzszint a f\u0171t\u00e9si rendszerben ki van otthon h\u00e1ny fokos a medence vize h\u00e1ny fokos a szauna riaszt\u00e1sok k\u00fcld\u00e9se (f\u00fcst, sziv\u00e1rg\u00f3 v\u00edz, magas fogyaszt\u00e1s, kaz\u00e1n t\u00falhev\u00fcl\u00e9se, behatol\u00e1s stb.)<\/td><\/tr><\/tbody><\/table><\/figure>\n\n\n\n<figure class=\"wp-block-table\"><table><tbody><tr><td class=\"has-text-align-center\" data-align=\"center\"><img loading=\"lazy\" decoding=\"async\" src=\"https:\/\/haricomp.hu\/templates\/images\/dashboard.png\" width=\"700\" height=\"334\"> &nbsp;<\/td><\/tr><\/tbody><\/table><\/figure>\n\n\n\n<figure class=\"wp-block-table\"><table><tbody><tr><td><strong>\u00c9s term\u00e9szetesen ezeket az \u00e1llapotokat \u00f6ssze tudjuk kapcsolni a vez\u00e9rl\u00e9sekkel, amiknek tov\u00e1bbi felt\u00e9teleket szabhatunk. N\u00e9h\u00e1ny p\u00e9lda az al\u00e1bbiakban:<\/strong><br>&#8211; mire haza\u00e9r\u00fcnk a munk\u00e1b\u00f3l legyen a k\u00edv\u00e1nt h\u0151m\u00e9rs\u00e9klet a lak\u00e1sban<br>&#8211; \u00e9jjel ha felkel\u00fcnk \u00e9s kimegy\u00fcnk a mosd\u00f3ba, ne kelljen mindenhol villanyt kapcsolni, hanem amerre megy\u00fcnk kapcsoljanak fel az \u00e9jszakai f\u00e9nyek, majd ezt k\u00f6vet\u0151en p\u00e1r perc m\u00falva kapcsoljanak le<br>&#8211; este 10 \u00f3rakor a rendszer ellen\u0151rizze, hogy becsuktuk e a gar\u00e1zs ajtaj\u00e1t \u00e9s ha nem akkor csukja be vagy k\u00fcldj\u00f6n \u00e9rtes\u00edt\u00e9st<br>&#8211; gy\u0171jts\u00fck \u00f6ssze milyen berendez\u00e9seket szeretn\u00e9nk lekapcsolni mik\u00f6zben alszunk, vagy elmegy\u00fcnk otthonr\u00f3l \u00e9s ezek lekapcsol\u00e1s\u00e1t egy gombnyom\u00e1sra vagy egy hang parancsra aktiv\u00e1lni tudjuk <br>&#8211; k\u00f6ss\u00fck id\u0151ponthoz \u00e9s \/ vagy esem\u00e9nyekhez egyes rendszereink m\u0171k\u00f6d\u00e9s\u00e9t \u00e9s m\u00e9g sz\u00e1mos tov\u00e1bbi lehet\u0151s\u00e9g, melynek csak a k\u00e9pzelet szab hat\u00e1rt&#8230;<\/td><\/tr><tr><td><\/td><\/tr><\/tbody><\/table><\/figure>\n\n\n\n<figure class=\"wp-block-table\"><table><tbody><tr><td class=\"has-text-align-center\" data-align=\"center\"><strong>Egyedi aj\u00e1nlatot el\u00e9rhet\u0151s\u00e9geinken k\u00e9rhet!<\/strong><\/td><\/tr><\/tbody><\/table><\/figure>\n\n\n\n<p><\/p>\n","protected":false},"excerpt":{"rendered":"<p>Saj\u00e1t fejleszt\u00e9s\u0171 okos otthon rendszereink, az \u00d6n ig\u00e9nyeire szabva! C\u00e9g\u00fcnk saj\u00e1t fejleszt\u00e9s\u0171 Okosotthon rendszere k\u00e9pes az \u00d6n k\u00f6r\u00fcl m\u0171k\u00f6d\u0151 elektromos berendez\u00e9sek vez\u00e9rl\u00e9s\u00e9re, valamint a rendszerbe integr\u00e1lt berendez\u00e9seket \u00d6n is t\u00e1volr\u00f3l vez\u00e9relheti. &nbsp; &nbsp; &nbsp; Az \u00e1ltalunk egyedileg programozott berendez\u00e9sek egyik f\u0151 el\u0151nye, hogy a vez\u00e9rl\u0151 panelek \u00f6n\u00e1ll\u00f3an okostelefonr\u00f3l is m\u0171k\u00f6dtethet\u0151ek&#8230;. <a class=\"continue-reading-link\" href=\"https:\/\/poganyi.hu\/?page_id=211\"> Continue reading <span class=\"meta-nav\">&rarr; <\/span><\/a><\/p>\n","protected":false},"author":2,"featured_media":0,"parent":0,"menu_order":0,"comment_status":"closed","ping_status":"closed","template":"","meta":{"footnotes":""},"class_list":["post-211","page","type-page","status-publish","hentry"],"_links":{"self":[{"href":"https:\/\/poganyi.hu\/index.php?rest_route=\/wp\/v2\/pages\/211","targetHints":{"allow":["GET"]}}],"collection":[{"href":"https:\/\/poganyi.hu\/index.php?rest_route=\/wp\/v2\/pages"}],"about":[{"href":"https:\/\/poganyi.hu\/index.php?rest_route=\/wp\/v2\/types\/page"}],"author":[{"embeddable":true,"href":"https:\/\/poganyi.hu\/index.php?rest_route=\/wp\/v2\/users\/2"}],"replies":[{"embeddable":true,"href":"https:\/\/poganyi.hu\/index.php?rest_route=%2Fwp%2Fv2%2Fcomments&post=211"}],"version-history":[{"count":7,"href":"https:\/\/poganyi.hu\/index.php?rest_route=\/wp\/v2\/pages\/211\/revisions"}],"predecessor-version":[{"id":273,"href":"https:\/\/poganyi.hu\/index.php?rest_route=\/wp\/v2\/pages\/211\/revisions\/273"}],"wp:attachment":[{"href":"https:\/\/poganyi.hu\/index.php?rest_route=%2Fwp%2Fv2%2Fmedia&parent=211"}],"curies":[{"name":"wp","href":"https:\/\/api.w.org\/{rel}","templated":true}]}}